 

{"id":632,"date":"2017-04-20T00:00:23","date_gmt":"2017-04-19T21:00:23","guid":{"rendered":"http:\/\/anatoliajournal.com\/aramak\/?page_id=632"},"modified":"2017-07-05T17:10:48","modified_gmt":"2017-07-05T14:10:48","slug":"xii-konferans-girne-24-25-ocak-2017","status":"publish","type":"page","link":"https:\/\/anatoliajournal.com\/aramak\/konferans-arsivi\/xii-konferans-girne-24-25-ocak-2017\/","title":{"rendered":"XII. Konferans &#8211; Girne, 24-25 Ocak 2017"},"content":{"rendered":"<table align=\"center\" border=\"0\" width=\"850\">\n<tbody>\n<tr>\n<td bgcolor=\"#003300\" colspan=\"2\">\n<p style=\"text-align: center;\">\n\t\t\t\t\t<span style=\"color:#F0FFFF;\">XII.&nbsp;Akademik Turizm E\u011fitimi Arama Konferans\u0131<\/span>\n\t\t\t\t<\/p>\n<\/td>\n<\/tr>\n<tr>\n<td bgcolor=\"#FFFFCC\">\n\t\t\t\tKonu\n\t\t\t<\/td>\n<td bgcolor=\"#FFFFCC\">\n\t\t\t\tKKTC Turizminin Ge&ccedil;mi\u015fi, Mevcut Durumu ve Gelecekle \u0130lgili Vizyonunun Belirlenmesi\n\t\t\t<\/td>\n<\/tr>\n<tr>\n<td bgcolor=\"#AAFFFF\" width=\"205\">\n\t\t\t\tTarih\n\t\t\t<\/td>\n<td bgcolor=\"#AAFFFF\" width=\"635\">\n\t\t\t\t24-25 Ocak 2017\n\t\t\t<\/td>\n<\/tr>\n<tr>\n<td bgcolor=\"#FFFFCC\">\n\t\t\t\tYer\n\t\t\t<\/td>\n<td bgcolor=\"#FFFFCC\">\n\t\t\t\tGirne, KKTC\n\t\t\t<\/td>\n<\/tr>\n<tr>\n<td bgcolor=\"#AAFFFF\">\n\t\t\t\tMekan:\n\t\t\t<\/td>\n<td bgcolor=\"#AAFFFF\">\n\t\t\t\tAcapulco Resort Convention Spa Hotel, Girne, KKTC\n\t\t\t<\/td>\n<\/tr>\n<tr>\n<td bgcolor=\"#FFFFCC\">\n\t\t\t\tKoordinat&ouml;rler\n\t\t\t<\/td>\n<td bgcolor=\"#FFFFCC\">\n\t\t\t\tDima\u011f &Ccedil;A\u011eINER &#8211; Prof. Dr. Metin KOZAK &#8211; Prof. Dr. Abdullah Y&uuml;cel &Ouml;ZTOPRAK &#8211; Prof. Dr. Nazmi KOZAK\n\t\t\t<\/td>\n<\/tr>\n<tr>\n<td bgcolor=\"#AAFFFF\">\n\t\t\t\tD&uuml;zenleyen\n\t\t\t<\/td>\n<td bgcolor=\"#AAFFFF\">\n\t\t\t\tAnatolia Turizm Akademisi &#8211; Uluslararas\u0131 Final &Uuml;niversitesi\n\t\t\t<\/td>\n<\/tr>\n<tr>\n<td bgcolor=\"#FFFFCC\">\n\t\t\t\tModerat&ouml;r\n\t\t\t<\/td>\n<td bgcolor=\"#FFFFCC\">\n\t\t\t\tProf. Dr. &Ouml;zkan T&Uuml;T&Uuml;NC&Uuml;\n\t\t\t<\/td>\n<\/tr>\n<\/tbody>\n<\/table>\n<p>\n\t[toggle title=&#8217;XII. Akademik Turizm E\u011fitimi Arama Konferans\u0131 Sonu&ccedil; Bildirgesi&#8217;]&nbsp;\n<\/p>\n<p align=\"center\">\n\t<i>&ldquo;KKTC Turizminin Ge&ccedil;mi\u015fi, Mevcut Durumu ve Gelecekle \u0130lgili Vizyonunun Belirlenmesi&rdquo;<\/i>\n<\/p>\n<p align=\"center\">\n\tOrtak Ak\u0131l Arama Toplant\u0131s\u0131\n<\/p>\n<p align=\"center\">\n\t<i>(Girne\/KKTC, 25 Ocak 2017)<\/i>\n<\/p>\n<p style=\"text-align: justify;\">\n\t24&ndash;25 Ocak 2017 tarihleri aras\u0131nda Girne&rsquo;de ger&ccedil;ekle\u015ftirilen ve iki g&uuml;n s&uuml;ren 12. Akademik Turizm E\u011fitimi Arama Konferans\u0131&rsquo;na KKTC ve T&uuml;rkiye&rsquo;den akademisyenler, sekt&ouml;r temsilcileri ve kamu g&ouml;revlileri kat\u0131lm\u0131\u015ft\u0131r. Ba\u015far\u0131l\u0131 ge&ccedil;en toplant\u0131da olu\u015fturulan komisyon raporlar\u0131 sonucunda be\u015f farkl\u0131 konuda bir sonu&ccedil; raporunun haz\u0131rlanmas\u0131 uygun g&ouml;r&uuml;lm&uuml;\u015ft&uuml;r. Bunlar siyasi &ccedil;&ouml;z&uuml;ms&uuml;zl&uuml;k, master plan, ula\u015f\u0131m, &ccedil;arp\u0131k yap\u0131la\u015fma ve &ccedil;evre konular\u0131nda olup, herbiri k\u0131saca a\u015fa\u011f\u0131da yer almaktad\u0131r.\n<\/p>\n<p style=\"text-align: justify;\">\n\tK\u0131br\u0131s&rsquo;ta ya\u015fanan siyasi &ccedil;&ouml;z&uuml;ms&uuml;zl&uuml;k konusu; uluslararas\u0131 d&uuml;zeyde tan\u0131n\u0131rl\u0131\u011f\u0131n olmamas\u0131, ambargo, KKTC&rsquo;ye do\u011frudan ula\u015f\u0131m eksikli\u011fi, markala\u015fma sorunu, s&uuml;rd&uuml;r&uuml;lebilir kalk\u0131nma ilkelerinin dikkate al\u0131nmamas\u0131 ve istikrars\u0131zl\u0131k ba\u015fl\u0131klar\u0131 alt\u0131nda ele al\u0131nm\u0131\u015ft\u0131r. Bunlardan en &ouml;nemlilerinden biri olan ambargolar\u0131 etkisizle\u015ftirmek i&ccedil;in siyasi erkten ar\u0131nd\u0131r\u0131lm\u0131\u015f bir &uuml;st turizm &ouml;rg&uuml;t&uuml;n&uuml;n kurulmas\u0131 &ouml;nerilmektedir. Buna ek olarak &ccedil;&ouml;z&uuml;me etki sa\u011flayacak tan\u0131t\u0131m, lobi ve internet kaynaklar\u0131n\u0131n etkin kullan\u0131m\u0131 sa\u011flanmal\u0131d\u0131r.\n<\/p>\n<p style=\"text-align: justify;\">\n\tKKTC&rsquo;nin b&uuml;y&uuml;k sekt&ouml;rlerinden biri olan turizmin s&uuml;rd&uuml;r&uuml;lebilir bir kalk\u0131nma modeli ile ger&ccedil;ekle\u015ftirilmesi &ouml;nem te\u015fkil etmektedir. Turizm do\u011fal ve sosyo-k&uuml;lt&uuml;rel varl\u0131klar\u0131n s&uuml;rd&uuml;r&uuml;lebilece\u011fi bir yakla\u015f\u0131mla y&ouml;netilmelidir. Bu ama&ccedil;la bir turizm master plan\u0131na ihtiya&ccedil; vard\u0131r. Bu master plan\u0131 i&ccedil;erisinde &ouml;zellikli olarak turizmde yer alacak i\u015f g&uuml;c&uuml;n&uuml;n planlanmas\u0131 ve e\u011fitimlerinin sa\u011flanmas\u0131, tan\u0131t\u0131m, pazarlama, yurtd\u0131\u015f\u0131 etkile\u015fimi i&ccedil;in teknolojilerin etkin bir \u015fekilde kullan\u0131lmas\u0131, turizm kaynaklar\u0131n\u0131n ara\u015ft\u0131r\u0131lmas\u0131 ve turizm envanterinin &ccedil;\u0131kar\u0131lmas\u0131 ve turizm &uuml;r&uuml;nlerinin olu\u015fturulmas\u0131, kay\u0131t d\u0131\u015f\u0131 turizm ekonomisinin kay\u0131t alt\u0131na al\u0131nmas\u0131 &ouml;nerilmektedir. Mevcut master plan\u0131 yan\u0131 s\u0131ra, tematik veya lokasyona ba\u011fl\u0131 master planlar\u0131n\u0131n da haz\u0131rlanmas\u0131 gerekmektedir. Bununla birlikte planlar\u0131n g&uuml;ncellenmesi, uygulanmas\u0131 ve izlenmesi s&uuml;reci de &ouml;nem arz etmektedir.\n<\/p>\n<p style=\"text-align: justify;\">\n\tKKTC&rsquo;nin turizmdeki en &ouml;nemli sorunlar\u0131ndan biri olan ula\u015f\u0131m, ulusal ve uluslararas\u0131 boyutta de\u011ferlendirilmi\u015ftir. Uluslararas\u0131 boyutta halen uygulanmakta olan T&uuml;rkiye &uuml;zerinden &ldquo;touch-down&rdquo; uygulamas\u0131 yelpazesinin geni\u015fletilmesi, buna ek olarak G&uuml;ney K\u0131br\u0131s kesiminde bulunan havalimanlar\u0131n\u0131n daha verimli bir \u015fekilde kullan\u0131labilme olanaklar\u0131n\u0131n ara\u015ft\u0131r\u0131lmas\u0131 ve hedef Akdeniz &uuml;lkeleri ile T&uuml;rkiye&rsquo;den denizyolu ula\u015f\u0131m\u0131n\u0131n g&uuml;&ccedil;lendirilerek geli\u015ftirilmesi &ouml;nerilmektedir. Ulusal boyutta ise yasal alandaki engellerin kald\u0131r\u0131lmas\u0131 ba\u015fta olmak &uuml;zere rekabet ortam\u0131n\u0131n art\u0131r\u0131larak ula\u015f\u0131m kalitesinin iyile\u015ftirilmesi ve alternatif ula\u015f\u0131m olanaklar\u0131na (hafif rayl\u0131 sistem ve deniz ula\u015f\u0131m\u0131 gibi) y&ouml;nelinmesi &ouml;nerilmektedir.\n<\/p>\n<p style=\"text-align: justify;\">\n\tSahil \u015feritlerinin kullan\u0131m\u0131na y&ouml;nelik olarak; il&ccedil;elerde halk plajlar\u0131n\u0131 kullan\u0131m\u0131n\u0131n ve kalitesinin art\u0131r\u0131lmas\u0131, sosyal tesislerin a&ccedil;\u0131lmas\u0131, d&uuml;zenlenecek olan rekreasyon alanlar\u0131nda k&uuml;lt&uuml;rel aktivitelerin organizasyonu, sahil \u015feritlerinin halk\u0131n eri\u015fimine a&ccedil;\u0131k olmas\u0131, kullan\u0131ma &ouml;zendirilmesi, kapal\u0131 ve oteller taraf\u0131ndan kullan\u0131lan sahillerden halk\u0131n ve turistlerin &uuml;cretsiz yararlanmas\u0131n\u0131n sa\u011flay\u0131c\u0131 tedbirlerin al\u0131nmas\u0131 sonucuna ula\u015f\u0131lm\u0131\u015ft\u0131r. &Ccedil;arp\u0131k yap\u0131la\u015fma kapsam\u0131nda &ouml;nerilen &ccedil;&ouml;z&uuml;mler \u015funlard\u0131r: Yeni yap\u0131lacak binalar i&ccedil;in k&uuml;lt&uuml;rel miras\u0131 yans\u0131tacak uygun yap\u0131la\u015fma ile ilgili mevzuat\u0131n haz\u0131rlanmas\u0131 ve uygulanmas\u0131, mevcut yap\u0131lar\u0131n k&uuml;lt&uuml;rel kimli\u011fe uygun \u015fekle d&ouml;n&uuml;\u015ft&uuml;r&uuml;lmesi, k&uuml;lt&uuml;rel dokunun korunarak k&uuml;&ccedil;&uuml;k aile i\u015fletmelerinin te\u015fvik edilmesi, mek&acirc;nsal yap\u0131 yo\u011funlu\u011fu ve kat irtifak\u0131ndaki ihlallerin engellenmesi i&ccedil;in d&ouml;nemsel emirnamelere son verilerek standart kat uygulamas\u0131n\u0131n getirilmesi, turizm, kentle\u015fme ve di\u011fer ekonomik faaliyetler i&ccedil;in &uuml;lkesel fiziki yerle\u015fim planlar\u0131n\u0131n haz\u0131rlanmas\u0131, &uuml;st yap\u0131 ve alt yap\u0131 yat\u0131r\u0131mlar\u0131n\u0131n &ouml;rt&uuml;\u015fmesi, k\u0131y\u0131lar\u0131n bir plan &ccedil;er&ccedil;evesinde korunmas\u0131 gerekmektedir. K\u0131sa vadede al\u0131nacak tedbirlerden &ouml;nemli olarak g&ouml;r&uuml;len konu ise ta\u015f ocaklar\u0131n\u0131n turizm b&ouml;lgelerine yak\u0131n alanlarda olmas\u0131n\u0131n engellenmesi olarak g&ouml;r&uuml;lmektedir.\n<\/p>\n<p style=\"text-align: justify;\">\n\tKKTC i&ccedil;indeki mevcut &ccedil;evre sorunlar\u0131n\u0131n giderilmesi i&ccedil;in yayg\u0131n ve &ouml;rg&uuml;n d&uuml;zeyde &ccedil;evre ve turizm bilincinin geli\u015ftirilmesi, elektrik santrallerinin olumsuz etkilerinin giderilmesi, manzaralar\u0131n korunmas\u0131, g&ouml;r&uuml;nt&uuml; ve g&uuml;r&uuml;lt&uuml; kirlili\u011finin ortadan kald\u0131r\u0131lmas\u0131, milli parklar\u0131n yeniden ele al\u0131nmas\u0131, peyzaj d&uuml;zenlemesine ve geri d&ouml;n&uuml;\u015f&uuml;m &ccedil;al\u0131\u015fmalar\u0131n\u0131n ba\u015flat\u0131lmas\u0131, yeralt\u0131 sular\u0131n\u0131n kirlenmesinin engellenmesi, baz istasyonlar\u0131n\u0131n \u015fehir d\u0131\u015f\u0131na &ccedil;\u0131kar\u0131lmas\u0131, merkezi kanalizasyon ve ar\u0131tma sisteminin kurulmas\u0131 ve yayg\u0131nla\u015ft\u0131r\u0131lmas\u0131, toplu ta\u015f\u0131mac\u0131l\u0131\u011f\u0131n te\u015fvik edilmesi, ta\u015f ocaklar\u0131n\u0131n ortaya &ccedil;\u0131kard\u0131\u011f\u0131 &ccedil;evresel sonu&ccedil;lar\u0131n\u0131n ortadan kald\u0131r\u0131lmas\u0131, flora ve faunan\u0131n korunmas\u0131, tar\u0131m ila&ccedil;lar\u0131n\u0131n kullan\u0131m\u0131n\u0131n kontrol alt\u0131na al\u0131nmas\u0131, palmiye ve &ccedil;am a\u011fa&ccedil;lar\u0131nda g&ouml;r&uuml;len zararl\u0131lar\u0131n ve denizde g&ouml;r&uuml;len balon bal\u0131\u011f\u0131 gibi do\u011fal istilac\u0131lar\u0131n &ccedil;evreye zarar vermesinin &ouml;n&uuml;ne ge&ccedil;ilmesi i&ccedil;in etkin projelerin geli\u015ftirilerek yasala\u015ft\u0131r\u0131lmas\u0131 ve bu konuda yerel y&ouml;netimlerin, ilgili bakanl\u0131klar\u0131n ve sivil toplum kurulu\u015flar\u0131n\u0131n birlikte &ccedil;al\u0131\u015fmas\u0131 gerekmektedir.\n<\/p>\n<p style=\"text-align: justify;\">\n\tAl\u0131nan kararlar\u0131n KKTC turizm sekt&ouml;r&uuml;ne yararl\u0131 olmas\u0131 dile\u011fiyle!&#8230;[\/toggle]\n<\/p>\n<p>\n\t[toggle title=&#8217;XII. Akademik Turizm E\u011fitimi Arama Kat\u0131l\u0131mc\u0131 Listesi&#8217;]\n<\/p>\n<p>\n\t<i>Ad Soyad&nbsp;&nbsp;&nbsp;&nbsp;&nbsp;&nbsp;&nbsp;&nbsp;&nbsp;&nbsp;&nbsp;&nbsp;&nbsp;&nbsp;&nbsp;&nbsp;&nbsp;&nbsp;&nbsp;&nbsp;&nbsp;&nbsp;&nbsp;&nbsp;&nbsp;&nbsp;&nbsp;&nbsp;&nbsp;&nbsp;&nbsp;&nbsp;&nbsp;&nbsp;&nbsp;&nbsp;&nbsp;&nbsp;&nbsp;&nbsp;&nbsp;&nbsp;&nbsp;&nbsp;&nbsp;&nbsp;&nbsp; Kurum\/Kurulu\u015f<\/i>\n<\/p>\n<p>\n\tAdnan Khasman&nbsp;&nbsp;&nbsp;&nbsp;&nbsp;&nbsp;&nbsp;&nbsp;&nbsp;&nbsp;&nbsp;&nbsp;&nbsp;&nbsp;&nbsp;&nbsp;&nbsp;&nbsp;&nbsp;&nbsp;&nbsp;&nbsp;&nbsp;&nbsp;&nbsp;&nbsp;&nbsp;&nbsp;&nbsp;&nbsp;&nbsp;&nbsp;&nbsp;&nbsp;&nbsp; Uluslararas\u0131 Final &Uuml;niversitesi\n<\/p>\n<p>\n\tAhmet &Ouml;z&ccedil;elebi&nbsp;&nbsp;&nbsp;&nbsp;&nbsp;&nbsp;&nbsp;&nbsp;&nbsp;&nbsp;&nbsp;&nbsp;&nbsp;&nbsp;&nbsp;&nbsp;&nbsp;&nbsp;&nbsp;&nbsp;&nbsp;&nbsp;&nbsp;&nbsp;&nbsp;&nbsp;&nbsp;&nbsp;&nbsp;&nbsp;&nbsp;&nbsp;&nbsp;&nbsp;&nbsp; Uluslararas\u0131 Final &Uuml;niversitesi\n<\/p>\n<p>\n\tBeykan &Ccedil;izel&nbsp;&nbsp;&nbsp;&nbsp;&nbsp;&nbsp;&nbsp;&nbsp;&nbsp;&nbsp;&nbsp;&nbsp;&nbsp;&nbsp;&nbsp;&nbsp;&nbsp;&nbsp;&nbsp;&nbsp;&nbsp;&nbsp;&nbsp;&nbsp;&nbsp;&nbsp;&nbsp;&nbsp;&nbsp;&nbsp;&nbsp;&nbsp;&nbsp;&nbsp;&nbsp;&nbsp;&nbsp;&nbsp;&nbsp;&nbsp;&nbsp; Akdeniz &Uuml;niversitesi\n<\/p>\n<p>\n\t&Ccedil;i\u011fdem Canta\u015f&nbsp;&nbsp;&nbsp;&nbsp;&nbsp;&nbsp;&nbsp;&nbsp;&nbsp;&nbsp;&nbsp;&nbsp;&nbsp;&nbsp;&nbsp;&nbsp;&nbsp;&nbsp;&nbsp;&nbsp;&nbsp;&nbsp;&nbsp;&nbsp;&nbsp;&nbsp;&nbsp;&nbsp;&nbsp;&nbsp;&nbsp;&nbsp;&nbsp;&nbsp;&nbsp;&nbsp;&nbsp; Uluslararas\u0131 Final &Uuml;niversitesi\n<\/p>\n<p>\n\t&Ccedil;a\u011flayan Sar\u0131g&uuml;l&nbsp;&nbsp;&nbsp;&nbsp;&nbsp;&nbsp;&nbsp;&nbsp;&nbsp;&nbsp;&nbsp;&nbsp;&nbsp;&nbsp;&nbsp;&nbsp;&nbsp;&nbsp;&nbsp;&nbsp;&nbsp;&nbsp;&nbsp;&nbsp;&nbsp;&nbsp;&nbsp;&nbsp;&nbsp;&nbsp;&nbsp;&nbsp;&nbsp;&nbsp;&nbsp; Maestro Dmc\n<\/p>\n<p>\n\tFatih G&uuml;nay&nbsp;&nbsp;&nbsp;&nbsp;&nbsp;&nbsp;&nbsp;&nbsp;&nbsp;&nbsp;&nbsp;&nbsp;&nbsp;&nbsp;&nbsp;&nbsp;&nbsp;&nbsp;&nbsp;&nbsp;&nbsp;&nbsp;&nbsp;&nbsp;&nbsp;&nbsp;&nbsp;&nbsp;&nbsp;&nbsp;&nbsp;&nbsp;&nbsp;&nbsp;&nbsp;&nbsp;&nbsp;&nbsp;&nbsp;&nbsp;&nbsp;&nbsp; Kartaca Turizm\n<\/p>\n<p>\n\tFehmi K&ouml;fteo\u011flu&nbsp;&nbsp;&nbsp;&nbsp;&nbsp;&nbsp;&nbsp;&nbsp;&nbsp;&nbsp;&nbsp;&nbsp;&nbsp;&nbsp;&nbsp;&nbsp;&nbsp;&nbsp;&nbsp;&nbsp;&nbsp;&nbsp;&nbsp;&nbsp;&nbsp;&nbsp;&nbsp;&nbsp;&nbsp;&nbsp;&nbsp;&nbsp;&nbsp;&nbsp;&nbsp; Turizm Gazetesi\n<\/p>\n<p>\n\tFethi &Ouml;zbo\u011fa&ccedil;&nbsp;&nbsp;&nbsp;&nbsp;&nbsp;&nbsp;&nbsp;&nbsp;&nbsp;&nbsp;&nbsp;&nbsp;&nbsp;&nbsp;&nbsp;&nbsp;&nbsp;&nbsp;&nbsp;&nbsp;&nbsp;&nbsp;&nbsp;&nbsp;&nbsp;&nbsp;&nbsp;&nbsp;&nbsp;&nbsp;&nbsp;&nbsp;&nbsp;&nbsp;&nbsp;&nbsp;&nbsp;&nbsp; K\u0131br\u0131s T&uuml;rk Otelciler Birli\u011fi\n<\/p>\n<p>\n\tG&uuml;lseren Tezkol&nbsp;&nbsp;&nbsp;&nbsp;&nbsp;&nbsp;&nbsp;&nbsp;&nbsp;&nbsp;&nbsp;&nbsp;&nbsp;&nbsp;&nbsp;&nbsp;&nbsp;&nbsp;&nbsp;&nbsp;&nbsp;&nbsp;&nbsp;&nbsp;&nbsp;&nbsp;&nbsp;&nbsp;&nbsp;&nbsp;&nbsp;&nbsp;&nbsp;&nbsp;&nbsp; Uluslararas\u0131 Final &Uuml;niversitesi\n<\/p>\n<p>\n\tG&uuml;rcem Semercio\u011flu&nbsp;&nbsp;&nbsp;&nbsp;&nbsp;&nbsp;&nbsp;&nbsp;&nbsp;&nbsp;&nbsp;&nbsp;&nbsp;&nbsp;&nbsp;&nbsp;&nbsp;&nbsp;&nbsp;&nbsp;&nbsp;&nbsp;&nbsp;&nbsp;&nbsp;&nbsp; Uluslararas\u0131 Final &Uuml;niversitesi\n<\/p>\n<p>\n\tHakan Koyuncu&nbsp;&nbsp;&nbsp;&nbsp;&nbsp;&nbsp;&nbsp;&nbsp;&nbsp;&nbsp;&nbsp;&nbsp;&nbsp;&nbsp;&nbsp;&nbsp;&nbsp;&nbsp;&nbsp;&nbsp;&nbsp;&nbsp;&nbsp;&nbsp;&nbsp;&nbsp;&nbsp;&nbsp;&nbsp;&nbsp;&nbsp;&nbsp;&nbsp;&nbsp;&nbsp;&nbsp; Uluslararas\u0131 Final &Uuml;niversitesi\n<\/p>\n<p>\n\tH&uuml;seyin Y\u0131ld\u0131r\u0131m &nbsp;&nbsp;&nbsp;&nbsp;&nbsp;&nbsp;&nbsp;&nbsp;&nbsp;&nbsp;&nbsp;&nbsp;&nbsp;&nbsp;&nbsp;&nbsp;&nbsp;&nbsp;&nbsp;&nbsp;&nbsp;&nbsp;&nbsp;&nbsp;&nbsp;&nbsp;&nbsp;&nbsp;&nbsp;&nbsp;&nbsp;&nbsp;&nbsp;&nbsp; Detay Yay\u0131nc\u0131l\u0131k\n<\/p>\n<p>\n\tMehmet Karay&nbsp;&nbsp;&nbsp;&nbsp;&nbsp;&nbsp;&nbsp;&nbsp;&nbsp;&nbsp;&nbsp;&nbsp;&nbsp;&nbsp;&nbsp;&nbsp;&nbsp;&nbsp;&nbsp;&nbsp;&nbsp;&nbsp;&nbsp;&nbsp;&nbsp;&nbsp;&nbsp;&nbsp;&nbsp;&nbsp;&nbsp;&nbsp;&nbsp;&nbsp;&nbsp;&nbsp;&nbsp; Uluslararas\u0131 Final &Uuml;niversitesi\n<\/p>\n<p>\n\tMehmet Kayruhan&nbsp;&nbsp;&nbsp;&nbsp;&nbsp;&nbsp;&nbsp;&nbsp;&nbsp;&nbsp;&nbsp;&nbsp;&nbsp;&nbsp;&nbsp;&nbsp;&nbsp;&nbsp;&nbsp;&nbsp;&nbsp;&nbsp;&nbsp;&nbsp;&nbsp;&nbsp;&nbsp;&nbsp;&nbsp;&nbsp; Uluslararas\u0131 Final &Uuml;niversitesi\n<\/p>\n<p>\n\tMehmet &Ouml;zdemir&nbsp;&nbsp;&nbsp;&nbsp;&nbsp;&nbsp;&nbsp;&nbsp;&nbsp;&nbsp;&nbsp;&nbsp;&nbsp;&nbsp;&nbsp;&nbsp;&nbsp;&nbsp;&nbsp;&nbsp;&nbsp;&nbsp;&nbsp;&nbsp;&nbsp;&nbsp;&nbsp;&nbsp;&nbsp;&nbsp;&nbsp;&nbsp; Turban Turizm A. \u015e. Eski Genel M&uuml;d&uuml;r&uuml;\n<\/p>\n<p>\n\tMert Ba\u015fta\u015f&nbsp;&nbsp;&nbsp;&nbsp;&nbsp;&nbsp;&nbsp;&nbsp;&nbsp;&nbsp;&nbsp;&nbsp;&nbsp;&nbsp;&nbsp;&nbsp;&nbsp;&nbsp;&nbsp;&nbsp;&nbsp;&nbsp;&nbsp;&nbsp;&nbsp;&nbsp;&nbsp;&nbsp;&nbsp;&nbsp;&nbsp;&nbsp;&nbsp;&nbsp;&nbsp;&nbsp;&nbsp;&nbsp;&nbsp;&nbsp;&nbsp;&nbsp; Uluslararas\u0131 Final &Uuml;niversitesi\n<\/p>\n<p>\n\tMetin Kozak&nbsp;&nbsp;&nbsp;&nbsp;&nbsp;&nbsp;&nbsp;&nbsp;&nbsp;&nbsp;&nbsp;&nbsp;&nbsp;&nbsp;&nbsp;&nbsp;&nbsp;&nbsp;&nbsp;&nbsp;&nbsp;&nbsp;&nbsp;&nbsp;&nbsp;&nbsp;&nbsp;&nbsp;&nbsp;&nbsp;&nbsp;&nbsp;&nbsp;&nbsp;&nbsp;&nbsp;&nbsp;&nbsp;&nbsp;&nbsp;&nbsp;&nbsp; Dokuz Eyl&uuml;l &Uuml;niversitesi\n<\/p>\n<p>\n\tMinhat Y\u0131ld\u0131z&nbsp;&nbsp;&nbsp;&nbsp;&nbsp;&nbsp;&nbsp;&nbsp;&nbsp;&nbsp;&nbsp;&nbsp;&nbsp;&nbsp;&nbsp;&nbsp;&nbsp;&nbsp;&nbsp;&nbsp;&nbsp;&nbsp;&nbsp;&nbsp;&nbsp;&nbsp;&nbsp;&nbsp;&nbsp;&nbsp;&nbsp;&nbsp;&nbsp;&nbsp;&nbsp;&nbsp;&nbsp;&nbsp;&nbsp;&nbsp;&nbsp; Cyprobus Transport\n<\/p>\n<p>\n\tMustafa K&ouml;pr&uuml;l&uuml;&nbsp;&nbsp;&nbsp;&nbsp;&nbsp;&nbsp;&nbsp;&nbsp;&nbsp;&nbsp;&nbsp;&nbsp;&nbsp;&nbsp;&nbsp;&nbsp;&nbsp;&nbsp;&nbsp;&nbsp;&nbsp;&nbsp;&nbsp;&nbsp;&nbsp;&nbsp;&nbsp;&nbsp;&nbsp;&nbsp;&nbsp;&nbsp;&nbsp;&nbsp; Turizm ve &Ccedil;evre Bakanl\u0131\u011f\u0131\n<\/p>\n<p>\n\tMustafa Tezel Tezel&nbsp;&nbsp;&nbsp;&nbsp;&nbsp;&nbsp;&nbsp;&nbsp;&nbsp;&nbsp;&nbsp;&nbsp;&nbsp;&nbsp;&nbsp;&nbsp;&nbsp;&nbsp;&nbsp;&nbsp;&nbsp;&nbsp;&nbsp;&nbsp;&nbsp;&nbsp;&nbsp;&nbsp; Uluslararas\u0131 Final &Uuml;niversitesi\n<\/p>\n<p>\n\tNafiya G&uuml;den&nbsp;&nbsp;&nbsp;&nbsp;&nbsp;&nbsp;&nbsp;&nbsp;&nbsp;&nbsp;&nbsp;&nbsp;&nbsp;&nbsp;&nbsp;&nbsp;&nbsp;&nbsp;&nbsp;&nbsp;&nbsp;&nbsp;&nbsp;&nbsp;&nbsp;&nbsp;&nbsp;&nbsp;&nbsp;&nbsp;&nbsp;&nbsp;&nbsp;&nbsp;&nbsp;&nbsp;&nbsp;&nbsp;&nbsp;&nbsp; Uluslararas\u0131 Final &Uuml;niversitesi.\n<\/p>\n<p>\n\tNazmi Kozak&nbsp;&nbsp;&nbsp;&nbsp;&nbsp;&nbsp;&nbsp;&nbsp;&nbsp;&nbsp;&nbsp;&nbsp;&nbsp;&nbsp;&nbsp;&nbsp;&nbsp;&nbsp;&nbsp;&nbsp;&nbsp;&nbsp;&nbsp;&nbsp;&nbsp;&nbsp;&nbsp;&nbsp;&nbsp;&nbsp;&nbsp;&nbsp;&nbsp;&nbsp;&nbsp;&nbsp;&nbsp;&nbsp;&nbsp;&nbsp;&nbsp; Anadolu &Uuml;niversitesi\n<\/p>\n<p>\n\tNezahat Do\u011fan&nbsp;&nbsp;&nbsp;&nbsp;&nbsp;&nbsp;&nbsp;&nbsp;&nbsp;&nbsp;&nbsp;&nbsp;&nbsp;&nbsp;&nbsp;&nbsp;&nbsp;&nbsp;&nbsp;&nbsp;&nbsp;&nbsp;&nbsp;&nbsp;&nbsp;&nbsp;&nbsp;&nbsp;&nbsp;&nbsp;&nbsp;&nbsp;&nbsp;&nbsp;&nbsp;&nbsp; Uluslararas\u0131 Final &Uuml;niversitesi\n<\/p>\n<p>\n\tOrhan Tolun&nbsp;&nbsp;&nbsp;&nbsp;&nbsp;&nbsp;&nbsp;&nbsp;&nbsp;&nbsp;&nbsp;&nbsp;&nbsp;&nbsp;&nbsp;&nbsp;&nbsp;&nbsp;&nbsp;&nbsp;&nbsp;&nbsp;&nbsp;&nbsp;&nbsp;&nbsp;&nbsp;&nbsp;&nbsp;&nbsp;&nbsp;&nbsp;&nbsp;&nbsp;&nbsp;&nbsp;&nbsp;&nbsp;&nbsp;&nbsp;&nbsp;&nbsp; K\u0131br\u0131s T&uuml;rk Seyahat Acentalar\u0131 Birli\u011fi\n<\/p>\n<p>\n\tOrhan Uluda\u011f&nbsp;&nbsp;&nbsp;&nbsp;&nbsp;&nbsp;&nbsp;&nbsp;&nbsp;&nbsp;&nbsp;&nbsp;&nbsp;&nbsp;&nbsp;&nbsp;&nbsp;&nbsp;&nbsp;&nbsp;&nbsp;&nbsp;&nbsp;&nbsp;&nbsp;&nbsp;&nbsp;&nbsp;&nbsp;&nbsp;&nbsp;&nbsp;&nbsp;&nbsp;&nbsp;&nbsp;&nbsp;&nbsp;&nbsp; Uluslararas\u0131 K\u0131br\u0131s &Uuml;niversitesi\n<\/p>\n<p>\n\t&Ouml;zlem Gazi K&uuml;&ccedil;&uuml;k&nbsp;&nbsp;&nbsp;&nbsp;&nbsp;&nbsp;&nbsp;&nbsp;&nbsp;&nbsp;&nbsp;&nbsp;&nbsp;&nbsp;&nbsp;&nbsp;&nbsp;&nbsp;&nbsp;&nbsp;&nbsp;&nbsp;&nbsp;&nbsp;&nbsp;&nbsp;&nbsp;&nbsp;&nbsp;&nbsp;&nbsp;&nbsp; New Dimension Tours &amp; Insurance Agency\n<\/p>\n<p>\n\tPervin Ta\u015fel&nbsp;&nbsp;&nbsp;&nbsp;&nbsp;&nbsp;&nbsp;&nbsp;&nbsp;&nbsp;&nbsp;&nbsp;&nbsp;&nbsp;&nbsp;&nbsp;&nbsp;&nbsp;&nbsp;&nbsp;&nbsp;&nbsp;&nbsp;&nbsp;&nbsp;&nbsp;&nbsp;&nbsp;&nbsp;&nbsp;&nbsp;&nbsp;&nbsp;&nbsp;&nbsp;&nbsp;&nbsp;&nbsp;&nbsp;&nbsp;&nbsp;&nbsp; Uluslararas\u0131 Final &Uuml;niversitesi\n<\/p>\n<p>\n\tSalim Aky&uuml;rek&nbsp;&nbsp;&nbsp;&nbsp;&nbsp;&nbsp;&nbsp;&nbsp;&nbsp;&nbsp;&nbsp;&nbsp;&nbsp;&nbsp;&nbsp;&nbsp;&nbsp;&nbsp;&nbsp;&nbsp;&nbsp;&nbsp;&nbsp;&nbsp;&nbsp;&nbsp;&nbsp;&nbsp;&nbsp;&nbsp;&nbsp;&nbsp;&nbsp;&nbsp;&nbsp;&nbsp;&nbsp;&nbsp;&nbsp; Uluslararas\u0131 Final &Uuml;niversitesi\n<\/p>\n<p>\n\tSeyhan Has\u0131rc\u0131&nbsp;&nbsp;&nbsp;&nbsp;&nbsp;&nbsp;&nbsp;&nbsp;&nbsp;&nbsp;&nbsp;&nbsp;&nbsp;&nbsp;&nbsp;&nbsp;&nbsp;&nbsp;&nbsp;&nbsp;&nbsp;&nbsp;&nbsp;&nbsp;&nbsp;&nbsp;&nbsp;&nbsp;&nbsp;&nbsp;&nbsp;&nbsp;&nbsp;&nbsp;&nbsp;&nbsp;&nbsp;&nbsp; Uluslararas\u0131 Final &Uuml;niversitesi\n<\/p>\n<p>\n\tTu\u011fdem H&uuml;dan&nbsp;&nbsp;&nbsp;&nbsp;&nbsp;&nbsp;&nbsp;&nbsp;&nbsp;&nbsp;&nbsp;&nbsp;&nbsp;&nbsp;&nbsp;&nbsp;&nbsp;&nbsp;&nbsp;&nbsp;&nbsp;&nbsp;&nbsp;&nbsp;&nbsp;&nbsp;&nbsp;&nbsp;&nbsp;&nbsp;&nbsp;&nbsp;&nbsp;&nbsp;&nbsp;&nbsp; Uluslararas\u0131 Final &Uuml;niversitesi\n<\/p>\n<p>\n\tUlus Kurt&nbsp;&nbsp;&nbsp;&nbsp;&nbsp;&nbsp;&nbsp;&nbsp;&nbsp;&nbsp;&nbsp;&nbsp;&nbsp;&nbsp;&nbsp;&nbsp;&nbsp;&nbsp;&nbsp;&nbsp;&nbsp;&nbsp;&nbsp;&nbsp;&nbsp;&nbsp;&nbsp;&nbsp;&nbsp;&nbsp;&nbsp;&nbsp;&nbsp;&nbsp;&nbsp;&nbsp;&nbsp;&nbsp;&nbsp;&nbsp;&nbsp;&nbsp;&nbsp;&nbsp;&nbsp;&nbsp;&nbsp; Cyprobus Transport\n<\/p>\n<p>\n\tYal&ccedil;\u0131n Vehit&nbsp;&nbsp;&nbsp;&nbsp;&nbsp;&nbsp;&nbsp;&nbsp;&nbsp;&nbsp;&nbsp;&nbsp;&nbsp;&nbsp;&nbsp;&nbsp;&nbsp;&nbsp;&nbsp;&nbsp;&nbsp;&nbsp;&nbsp;&nbsp;&nbsp;&nbsp;&nbsp;&nbsp;&nbsp;&nbsp;&nbsp;&nbsp;&nbsp;&nbsp;&nbsp;&nbsp;&nbsp;&nbsp;&nbsp;&nbsp;&nbsp;&nbsp;&nbsp; &Ccedil;evre, K&uuml;lt&uuml;r ve Turizm Bakanl\u0131\u011f\u0131 Emekli M&uuml;ste\u015far\u0131\n<\/p>\n<p>\n\t[\/toggle]<\/p>\n","protected":false},"excerpt":{"rendered":"<p>XII.&nbsp;Akademik Turizm E\u011fitimi Arama Konferans\u0131 Konu KKTC Turizminin Ge&ccedil;mi\u015fi, Mevcut Durumu ve Gelecekle \u0130lgili Vizyonunun Belirlenmesi Tarih 24-25 Ocak 2017 Yer Girne, KKTC Mekan: Acapulco Resort Convention Spa Hotel, Girne, KKTC Koordinat&ouml;rler Dima\u011f &Ccedil;A\u011eINER &#8211; Prof. Dr. Metin KOZAK &#8211; <a href=\"https:\/\/anatoliajournal.com\/aramak\/konferans-arsivi\/xii-konferans-girne-24-25-ocak-2017\/\" class=\"read-more\">Read More &#8230;<\/a><\/p>\n","protected":false},"author":2,"featured_media":654,"parent":42,"menu_order":12,"comment_status":"closed","ping_status":"closed","template":"","meta":[],"_links":{"self":[{"href":"https:\/\/anatoliajournal.com\/aramak\/wp-json\/wp\/v2\/pages\/632"}],"collection":[{"href":"https:\/\/anatoliajournal.com\/aramak\/wp-json\/wp\/v2\/pages"}],"about":[{"href":"https:\/\/anatoliajournal.com\/aramak\/wp-json\/wp\/v2\/types\/page"}],"author":[{"embeddable":true,"href":"https:\/\/anatoliajournal.com\/aramak\/wp-json\/wp\/v2\/users\/2"}],"replies":[{"embeddable":true,"href":"https:\/\/anatoliajournal.com\/aramak\/wp-json\/wp\/v2\/comments?post=632"}],"version-history":[{"count":1,"href":"https:\/\/anatoliajournal.com\/aramak\/wp-json\/wp\/v2\/pages\/632\/revisions"}],"predecessor-version":[{"id":634,"href":"https:\/\/anatoliajournal.com\/aramak\/wp-json\/wp\/v2\/pages\/632\/revisions\/634"}],"up":[{"embeddable":true,"href":"https:\/\/anatoliajournal.com\/aramak\/wp-json\/wp\/v2\/pages\/42"}],"wp:featuredmedia":[{"embeddable":true,"href":"https:\/\/anatoliajournal.com\/aramak\/wp-json\/wp\/v2\/media\/654"}],"wp:attachment":[{"href":"https:\/\/anatoliajournal.com\/aramak\/wp-json\/wp\/v2\/media?parent=632"}],"curies":[{"name":"wp","href":"https:\/\/api.w.org\/{rel}","templated":true}]}}