 

{"id":63,"date":"2016-05-29T14:45:22","date_gmt":"2016-05-29T11:45:22","guid":{"rendered":"http:\/\/anatoliajournal.com\/aramak\/?page_id=63"},"modified":"2019-12-02T23:55:34","modified_gmt":"2019-12-02T20:55:34","slug":"vi-konferans-bodrum-17-22-nisan-2014","status":"publish","type":"page","link":"https:\/\/anatoliajournal.com\/aramak\/vi-konferans-bodrum-17-22-nisan-2014\/","title":{"rendered":"VI. Konferans &#8211; Bodrum, 17-22 Nisan 2014"},"content":{"rendered":"<table align=\"center\" border=\"0\" width=\"850\">\n<tbody>\n<tr>\n<td bgcolor=\"#003300\" colspan=\"2\">\n<p style=\"text-align: center;\">\n\t\t\t\t\t<span style=\"color:#FFFFFF;\">VI. Akademik Turizm E\u011fitimi Arama Konferans\u0131<\/span>\n\t\t\t\t<\/p>\n<\/td>\n<\/tr>\n<tr>\n<td bgcolor=\"#FFFFCC\">\n\t\t\t\tKonu\n\t\t\t<\/td>\n<td bgcolor=\"#FFFFCC\">\n\t\t\t\tRekreasyon Y&ouml;netimi ve Rekreasyon b&ouml;l&uuml;mlerinin amac\u0131 ne olmal\u0131?\n\t\t\t<\/td>\n<\/tr>\n<tr>\n<td bgcolor=\"#AAFFFF\" width=\"205\">\n\t\t\t\tTarih\n\t\t\t<\/td>\n<td bgcolor=\"#AAFFFF\" width=\"635\">\n\t\t\t\t17 &#8211; 20 Nisan 2014\n\t\t\t<\/td>\n<\/tr>\n<tr>\n<td bgcolor=\"#FFFFCC\">\n\t\t\t\tYer\n\t\t\t<\/td>\n<td bgcolor=\"#FFFFCC\">\n\t\t\t\tTurgutreis, Bodrum, Mu\u011fla\n\t\t\t<\/td>\n<\/tr>\n<tr>\n<td bgcolor=\"#AAFFFF\">\n\t\t\t\tOtel\n\t\t\t<\/td>\n<td bgcolor=\"#AAFFFF\">\n\t\t\t\t<a href=\"http:\/\/www.lablanchehotel.com\/\" rel=\"noopener noreferrer\" target=\"_blank\">La Blanche Resort &amp; SPA Hotel,<\/a>&nbsp;Turgutreis, Bodrum, Mu\u011fla\n\t\t\t<\/td>\n<\/tr>\n<tr>\n<td bgcolor=\"#FFFFCC\">\n\t\t\t\tKoordinat&ouml;rler\n\t\t\t<\/td>\n<td bgcolor=\"#FFFFCC\">\n\t\t\t\tProf. Dr. Nazmi KOZAK &#8211; Prof. Dr. &Ouml;zkan T&Uuml;T&Uuml;NC&Uuml;, Prof. Dr. Metin KOZAK\n\t\t\t<\/td>\n<\/tr>\n<tr>\n<td bgcolor=\"#AAFFFF\">\n\t\t\t\tD&uuml;zenleyen\n\t\t\t<\/td>\n<td bgcolor=\"#AAFFFF\">\n\t\t\t\tAnatolia: Turizm Ara\u015ft\u0131rmalar\u0131 Dergisi &#8211; Dokuz Eyl&uuml;l &Uuml;niversitesi\n\t\t\t<\/td>\n<\/tr>\n<tr>\n<td bgcolor=\"#FFFFCC\">\n\t\t\t\tModerat&ouml;r\n\t\t\t<\/td>\n<td bgcolor=\"#FFFFCC\">\n\t\t\t\tProf. Dr. &Ouml;zkan T&Uuml;T&Uuml;NC&Uuml;\n\t\t\t<\/td>\n<\/tr>\n<\/tbody>\n<\/table>\n<hr align=\"center\" noshade=\"noshade\" size=\"1\" width=\"841\" \/>\n<p>\n\t[toggle title=&#8217;VI. Akademik Turizm E\u011fitimi Arama Konferans\u0131 Sonu&ccedil; Bildirgesi&#8217;]\n<\/p>\n<p style=\"text-align: justify;\">\n\t17-20 Nisan 2014 tarihleri aras\u0131nda Dokuz Eyl&uuml;l &Uuml;niversitesi, Spor Bilimleri ve Teknolojisi Y&uuml;ksekokulu ile Anatolia Turizm Ara\u015ft\u0131rmalar\u0131 Dergisinin taraf\u0131ndan d&uuml;zenlenen &ldquo;Rekreasyon ve Rekreasyon Y&ouml;netimi Programlar\u0131n\u0131n Ama&ccedil;lar\u0131 Ne Olmal\u0131&rdquo; adl\u0131 arama konferans\u0131na 14 &uuml;niversiteden toplam 31 akademisyen kat\u0131lm\u0131\u015ft\u0131r. Kat\u0131l\u0131mc\u0131lar\u0131n SWOT analizi ile alan\u0131 tan\u0131mlamalar\u0131n\u0131n ard\u0131ndan yap\u0131lan beyin f\u0131rt\u0131nas\u0131 ile alt\u0131 kategori alt\u0131nda ilgili alanlara y&ouml;nelik belirlemelerin yap\u0131lmas\u0131 sonucuna var\u0131lm\u0131\u015ft\u0131r. Bu alanlar; istihdam, mesleki yeterlilikler, m&uuml;fredat, &ouml;\u011fretim elemanlar\u0131, kurumsalla\u015fma ile rekreasyon ve rekreasyon y&ouml;netimi programlar\u0131n\u0131n farkl\u0131 ve ortak y&ouml;nleri adl\u0131 olu\u015fturulan gruplarda, 30 akademisyenin g&ouml;n&uuml;ll&uuml; &ccedil;al\u0131\u015fmas\u0131yla incelenmi\u015ftir.\n<\/p>\n<p style=\"text-align: justify;\">\n\t\u0130stihdam alan\u0131yla ilgili olarak belirlenen sorunlara y&ouml;nelik olarak; kamu ve yerel y&ouml;netimlerin, rekreasyon ve rekreasyon y&ouml;netimi mezunlar\u0131na kontenjan ay\u0131rmalar\u0131, e\u011fitim kurumlar\u0131n\u0131n bu sekt&ouml;rlerinin ihtiyac\u0131n\u0131 kar\u015f\u0131layacak programlar olu\u015fturmalar\u0131, istihdam alanlar\u0131n\u0131n geni\u015fletilmesi i&ccedil;in sekt&ouml;rle ileti\u015fimin art\u0131r\u0131lmas\u0131 ve alan d\u0131\u015f\u0131 istihdam\u0131n &ouml;nlenebilmesi i&ccedil;in sertifikasyon ve akreditasyonun aktif hale getirilmesi y&ouml;n&uuml;nde &ccedil;&ouml;z&uuml;m &ouml;nerileri getirilmi\u015ftir.\n<\/p>\n<p style=\"text-align: justify;\">\n\tMesleki yeterlilikler i&ccedil;in bilgi, beceri ve yetkinlikler ba\u015fl\u0131klar\u0131nda yap\u0131lmas\u0131 gereken belirlenmi\u015ftir. Bilgi ba\u015fl\u0131\u011f\u0131 alt\u0131nda mezunlar\u0131n alanlar\u0131yla ilgili yeterli kuramsal altyap\u0131ya sahip, alan\u0131ndaki yasal d&uuml;zenlemeler, meslek standartlar\u0131 ve uygulamalar ile ilgili bilgi sahibi olmas\u0131 gerekti\u011fi vurgulanm\u0131\u015ft\u0131r. Beceri alan\u0131nda ise elde etti\u011fi bilgileri uygulamaya sokabilmesi, bir yabanc\u0131 dilde an az Avrupa Dil Portf&ouml;y&uuml; B1 Genel D&uuml;zeyi&rsquo;nde yaz\u0131l\u0131 ve s&ouml;zl&uuml; olarak ileti\u015fim kurabilmesi, yasal mevzuat\u0131 yorumlayabilmesi &uuml;zerinde durulmu\u015ftur. Yetkinlikler alan\u0131nda ise alan\u0131 ile ilgili karma\u015f\u0131k ve &ouml;ng&ouml;r&uuml;lemeyen durumlarda teknik ve mesleki faaliyetleri veya projeleri y&ouml;netebilmek i&ccedil;in karar verebilmesi, ilgili i\u015fleri ger&ccedil;ekle\u015ftirirken insan sa\u011fl\u0131\u011f\u0131n\u0131, sosyal ve do\u011fal &ccedil;evreyi dikkate almas\u0131 gerekti\u011fi saptanm\u0131\u015ft\u0131r.\n<\/p>\n<p style=\"text-align: justify;\">\n\tM&uuml;fredat alan\u0131nda her program\u0131n bulundu\u011fu co\u011frafya ve k&uuml;resel yap\u0131y\u0131 dikkate alarak, payda\u015flar\u0131yla i\u015fbirli\u011fine gitmesi &uuml;zerinde durulmu\u015ftur. Buna ba\u011fl\u0131 olarak t&uuml;m programlar\u0131n tan\u0131mlar\u0131n\u0131n ve ama&ccedil;lar\u0131n\u0131n net bir \u015fekilde belirlenmesi, program &ccedil;\u0131kt\u0131lar\u0131n\u0131n yetkinlikler &ccedil;er&ccedil;evesinde olu\u015fturulmas\u0131 gerekti\u011fi saptanm\u0131\u015ft\u0131r. Ders i&ccedil;eriklerinin ulusal ve uluslararas\u0131 normlara uygun bir \u015fekilde belirlenmesi ve g&uuml;ncellenmesi gereklili\u011fi vurgulanm\u0131\u015ft\u0131r.\n<\/p>\n<p style=\"text-align: justify;\">\n\t&Ouml;\u011fretim elemanlar\u0131 ile ilgili olarak ileti\u015fim, nitelik, nicelik, &ccedil;evresel fakt&ouml;rler, kamu ve birim kaynakl\u0131 sorunlar &uuml;zerinde durulmu\u015ftur. \u0130leti\u015fim sorunun giderilmesine y&ouml;nelik, &ouml;zel sekt&ouml;r ziyaretleri, kariyer g&uuml;nleri, sekt&ouml;r&uuml;n &ouml;nde gelenlerinin konu\u015fmac\u0131 olarak davet edilmesi gibi faaliyetler bu amaca hizmet edecektir. Nitelik sorunun ise alana &ouml;zg&uuml; lisans ve lisans&uuml;st&uuml; programlardan mezunlar\u0131n istihdam\u0131 ile &ccedil;&ouml;z&uuml;lece\u011fi saptanm\u0131\u015ft\u0131r. &nbsp;Nicelik sorunun ise mevcut mevzuata uyumun ihlal edilmeden alan mezunlar\u0131 ile kar\u015f\u0131lanmas\u0131 gerekti\u011fi vurgulanm\u0131\u015ft\u0131r. &Ccedil;evresel fakt&ouml;rlerde bilimsel ara\u015ft\u0131rma proje f\u0131rsatlar\u0131n\u0131n iyi de\u011ferlendirilmesi, sekt&ouml;r ile olan ili\u015fkileri peki\u015ftirmek i&ccedil;in yeni i\u015fbirli\u011fi a\u011flar\u0131n kurulmas\u0131 &uuml;zerinde durulmu\u015ftur. Kamu kaynakl\u0131 sorunlarda ise bu konuda yap\u0131lacak &ccedil;ok payda\u015fl\u0131 toplant\u0131lar sonucunda elde edilecek sonu&ccedil;lar\u0131n kamuyu temsil eden Bakanl\u0131klar, Y&uuml;ksek&ouml;\u011fretim Kurumu gibi birimlere ula\u015ft\u0131r\u0131lmas\u0131 gerekti\u011fi vurgulanm\u0131\u015ft\u0131r. Kurum kaynakl\u0131 sorunlar\u0131n giderilmesine y&ouml;nelik olarak &ouml;ncelikle &ouml;\u011fretim elemanlar\u0131n\u0131n bilimsel yay\u0131n ve etkinliklerini art\u0131rmalar\u0131, b&ouml;l&uuml;mlerin, tan\u0131tmaya y&ouml;nelik faaliyetler ger&ccedil;ekle\u015ftirerek etkili tan\u0131t\u0131m politikas\u0131 izlemeleri gerekti\u011fi, &ouml;\u011fretim elemanlar\u0131n\u0131n alan ile ilgili yurtd\u0131\u015f\u0131 e\u011fitimlerinin te\u015fvik edilmesi sonucuna ula\u015f\u0131lm\u0131\u015ft\u0131r.\n<\/p>\n<p style=\"text-align: justify;\">\n\tKurumsalla\u015fma ba\u015fl\u0131\u011f\u0131 alt\u0131nda ulusal ve uluslararas\u0131 mesleki sorunlar, yerel y&ouml;netimler ile ili\u015fkiler ve &uuml;niversite baz\u0131ndaki sorunlar ele al\u0131nm\u0131\u015ft\u0131r. Ulusal ve uluslararas\u0131 mesleki &ccedil;al\u0131\u015fmalar alan\u0131nda &uuml;lke &ouml;l&ccedil;e\u011finde meslek odas\u0131 veya birli\u011fi olu\u015fturulmas\u0131, mezun olacak &ouml;\u011frencilere verilecek unvan\u0131n belirlenmesi ve meslek tan\u0131m\u0131n\u0131n olu\u015fturulmas\u0131 &uuml;zerinde durulmu\u015f, rekreasyon ara\u015ft\u0131rma enstit&uuml;s&uuml;n&uuml;n a&ccedil;\u0131lmas\u0131, uluslararas\u0131 mesleki ve akademik birliklere &uuml;yelikler sa\u011flanmas\u0131 &ouml;nerilmi\u015ftir. Yerel y&ouml;netimler baz\u0131nda ise rekreasyon ve rekreasyon y&ouml;netimi b&ouml;l&uuml;mlerinin kent konseyinde temsil edilmesi,&nbsp; kent belediyelerinin b&uuml;nyelerinde olu\u015fturulan planlama kurumlar\u0131n\u0131n &uuml;niversite ile olan ili\u015fkilerinin geli\u015ftirilmesi &ouml;nerilmi\u015ftir. &Uuml;niversite baz\u0131ndaki sorunlarda Sa\u011fl\u0131k, K&uuml;lt&uuml;r, Spor Daire Ba\u015fkanl\u0131\u011f\u0131nda s&uuml;rd&uuml;r&uuml;lecek, yap\u0131lacak t&uuml;m etkinliklerin rekreasyon ve rekreasyon y&ouml;netimi b&ouml;l&uuml;mleri ile i\u015fbirli\u011fi i&ccedil;inde y&uuml;r&uuml;t&uuml;lmesi zorunlulu\u011fu &uuml;zerinde hem fikir olunmu\u015ftur. &Uuml;niversitelerin rekreasyon faaliyetlerini planlamas\u0131nda, kendi programlar\u0131ndan daha etkin yararlan\u0131lmas\u0131 gerekti\u011fi vurgulanm\u0131\u015ft\u0131r.<br \/>\n\tRekreasyon ve rekreasyon y&ouml;netimi programlar\u0131n\u0131n farkl\u0131 ve ortak y&ouml;nleri ayr\u0131ca incelenmi\u015ftir. Rekreasyon y&ouml;netimi programlar\u0131n\u0131n &ouml;zellikle turizm alanlar\u0131nda &ccedil;al\u0131\u015facak ve rekreasyon i\u015fletmelerinin fonksiyonlar\u0131 ba\u011flam\u0131nda yetkinliklere sahip y&ouml;netici adaylar\u0131 yeti\u015ftirmek &uuml;zerine, rekreasyon programlar\u0131n\u0131n ise &ouml;zellikle sa\u011fl\u0131k, spor, engelli ve wellness faaliyetlerini planlayacak, birebir uygulamas\u0131nda g&ouml;rev alacak, y&ouml;netecek, kontrol&uuml;n&uuml; sa\u011flayacak niteliklere sahip uzman ve lider adaylar\u0131 yeti\u015ftirmek &uuml;zerinde durmas\u0131 gerekti\u011fi saptanm\u0131\u015ft\u0131r. Programlar\u0131n &ouml;\u011frenci se&ccedil;me s\u0131nav\u0131nda izleyecekleri yollar ise mevcut d&uuml;zenlemelere g&ouml;re yap\u0131labilecektir. Ortak bile\u015fke olarak her iki program da a&ccedil;\u0131lacak lisans&uuml;st&uuml; programlar\u0131n\u0131n birlikte geli\u015ftirilmesi ve a&ccedil;\u0131lmas\u0131, m&uuml;fredat olu\u015fturulurken dersler haz\u0131rlan\u0131rken i\u015fbirli\u011fi yap\u0131lmas\u0131, ortak projeler geli\u015ftirilmesi, meslek tan\u0131m\u0131n\u0131n yap\u0131lmas\u0131, terminolojinin geli\u015ftirilmesi ve meslek standartlar\u0131n\u0131n konulmas\u0131, kamp&uuml;s rekreasyon alanlar\u0131n\u0131n geli\u015ftirilmesi ve i\u015fleyi\u015fine y&ouml;nelik i\u015fbirli\u011fi yap\u0131lmas\u0131, projeler &uuml;retilmesi, rekreasyon ara\u015ft\u0131rma merkezi\/enstit&uuml;s&uuml; kurulmas\u0131, ortak akademik yay\u0131n imk&acirc;n\u0131 sa\u011flanmas\u0131 i&ccedil;in birlikte dergi &ccedil;\u0131kar\u0131lmas\u0131, mevcut dergilere destek verilmesi &uuml;zerinde hem fikirdir.\n<\/p>\n<p style=\"text-align: justify;\">\n\tArama konferans\u0131 sonucunda yukar\u0131da belirtilen t&uuml;m hususlara ayr\u0131ca rekreasyon alan\u0131nda uzmanla\u015fmaya dayal\u0131 mevcut farkl\u0131la\u015fman\u0131n korunarak, programlar aras\u0131nda i\u015fbirli\u011finin g&uuml;&ccedil;lendirilmesine, rekreasyon &ccedil;al\u0131\u015fmalar\u0131 alan\u0131n\u0131n geni\u015fletilmesine ve zenginle\u015ftirilmesine oybirli\u011fi ile karar verilmi\u015ftir.[\/toggle]\n<\/p>\n<p>\n\t[toggle title=&#8217;VI. Akademik Turizm E\u011fitimi Arama Kat\u0131l\u0131mc\u0131 Listesi&#8217;]\n<\/p>\n<table align=\"center\" border=\"1\" cellpadding=\"0\" cellspacing=\"0\" width=\"824\">\n<tbody>\n<tr>\n<td bgcolor=\"#CCCCCC\" rowspan=\"1\" valign=\"top\" width=\"296\">\n<p>\n\t\t\t\t\t<strong><em>Ad\u0131 &#8211; Soyad\u0131<\/em><\/strong>\n\t\t\t\t<\/p>\n<\/td>\n<td bgcolor=\"#CCCCCC\" valign=\"top\" width=\"327\">\n<p>\n\t\t\t\t\t<strong><em>&Uuml;niversite\/Kurum<\/em><\/strong>\n\t\t\t\t<\/p>\n<\/td>\n<\/tr>\n<\/tbody>\n<\/table>\n<table align=\"center\" border=\"0\" cellpadding=\"0\" cellspacing=\"0\" width=\"824\">\n<tbody>\n<tr>\n<td bgcolor=\"#FFFFFF\" valign=\"top\" width=\"297\">\n<p>\n\t\t\t\t\tYrd. Do&ccedil;. Dr. Evren Tercan\n\t\t\t\t<\/p>\n<\/td>\n<td bgcolor=\"#FFFFFF\" valign=\"top\" width=\"328\">\n<p>\n\t\t\t\t\tAkdeniz &Uuml;niversitesi\n\t\t\t\t<\/p>\n<\/td>\n<\/tr>\n<tr>\n<td bgcolor=\"#FFFFFF\" valign=\"top\">\n\t\t\t\tDo&ccedil; Dr. Ali Yayl\u0131\n\t\t\t<\/td>\n<td bgcolor=\"#FFFFFF\" valign=\"top\">\n\t\t\t\tGazi &Uuml;niversitesi\n\t\t\t<\/td>\n<\/tr>\n<tr>\n<td bgcolor=\"#FFFFFF\" valign=\"top\">\n\t\t\t\tDo&ccedil;. Dr. Beykan &Ccedil;izel\n\t\t\t<\/td>\n<td bgcolor=\"#FFFFFF\" valign=\"top\">\n\t\t\t\tAkdeniz &Uuml;niversitesi\n\t\t\t<\/td>\n<\/tr>\n<tr>\n<td bgcolor=\"#FFFFFF\" valign=\"top\">\n\t\t\t\tDr. Mehmet &Ouml;zdemir\n\t\t\t<\/td>\n<td bgcolor=\"#FFFFFF\" valign=\"top\">\n\t\t\t\tAnadolu &Uuml;niversitesi\n\t\t\t<\/td>\n<\/tr>\n<tr>\n<td bgcolor=\"#FFFFFF\" valign=\"top\">\n\t\t\t\tProf. Dr. Metin Kozak\n\t\t\t<\/td>\n<td bgcolor=\"#FFFFFF\" valign=\"top\">\n\t\t\t\tDokuz Eyl&uuml;l &Uuml;niverdsitesi\n\t\t\t<\/td>\n<\/tr>\n<tr>\n<td bgcolor=\"#FFFFFF\" valign=\"top\">\n\t\t\t\tProf. Dr. &Ouml;zkan T&uuml;t&uuml;nc&uuml;\n\t\t\t<\/td>\n<td bgcolor=\"#FFFFFF\" valign=\"top\">\n\t\t\t\tDokuz Eyl&uuml;l &Uuml;niversitesi\n\t\t\t<\/td>\n<\/tr>\n<tr>\n<td bgcolor=\"#FFFFFF\" valign=\"top\">\n\t\t\t\tYrd. Do&ccedil;. Dr. Serkan &Ccedil;elik\n\t\t\t<\/td>\n<td bgcolor=\"#FFFFFF\" valign=\"top\">\n\t\t\t\tKatip &Ccedil;elebi &Uuml;niversitesi\n\t\t\t<\/td>\n<\/tr>\n<tr>\n<td bgcolor=\"#FFFFFF\" valign=\"top\">\n\t\t\t\tYrd. Do&ccedil;. Dr. Elif Bayraktar Tellan\n\t\t\t<\/td>\n<td bgcolor=\"#FFFFFF\" valign=\"top\">\n\t\t\t\t\u0130stanbul Medeniyet &Uuml;niversitesi\n\t\t\t<\/td>\n<\/tr>\n<tr>\n<td bgcolor=\"#FFFFFF\" valign=\"top\">\n\t\t\t\tYrd. Do&ccedil;. Dr. Ebru G&uuml;neren\n\t\t\t<\/td>\n<td bgcolor=\"#FFFFFF\" valign=\"top\">\n\t\t\t\tNev\u015fehir Hac\u0131 Bekta\u015f Veli &Uuml;niversitesi\n\t\t\t<\/td>\n<\/tr>\n<tr>\n<td bgcolor=\"#FFFFFF\" valign=\"top\">\n\t\t\t\tProf. Dr. Nazmi Kozak\n\t\t\t<\/td>\n<td bgcolor=\"#FFFFFF\" valign=\"top\">\n\t\t\t\tAnadolu &Uuml;niversitesi\n\t\t\t<\/td>\n<\/tr>\n<tr>\n<td bgcolor=\"#FFFFFF\" valign=\"top\">\n\t\t\t\tYrd. Do&ccedil;. Dr. \u0130lkay Ta\u015f\n\t\t\t<\/td>\n<td bgcolor=\"#FFFFFF\" valign=\"top\">\n\t\t\t\tDokuz Eyl&uuml;l &Uuml;niversitesi\n\t\t\t<\/td>\n<\/tr>\n<tr>\n<td bgcolor=\"#FFFFFF\" valign=\"top\">\n\t\t\t\tAr\u015f. G&ouml;r. Taki Can Metin\n\t\t\t<\/td>\n<td bgcolor=\"#FFFFFF\" valign=\"top\">\n\t\t\t\tAnadolu &Uuml;niversitesi\n\t\t\t<\/td>\n<\/tr>\n<tr>\n<td bgcolor=\"#FFFFFF\" valign=\"top\">\n\t\t\t\tYrd. Do&ccedil;. Dr. Hilmi Rafet Y&uuml;nc&uuml;\n\t\t\t<\/td>\n<td bgcolor=\"#FFFFFF\" valign=\"top\">\n\t\t\t\tAnadolu &Uuml;niversitesi\n\t\t\t<\/td>\n<\/tr>\n<tr>\n<td bgcolor=\"#FFFFFF\" valign=\"top\">\n\t\t\t\tYrd. Do&ccedil;. Dr. S&uuml;hal \u015eem\u015fit\n\t\t\t<\/td>\n<td bgcolor=\"#FFFFFF\" valign=\"top\">\n\t\t\t\tDokuz Eyl&uuml;l &Uuml;niversitesi\n\t\t\t<\/td>\n<\/tr>\n<tr>\n<td bgcolor=\"#FFFFFF\" valign=\"top\">\n\t\t\t\tProf. Dr. Mehmet Ye\u015filta\u015f\n\t\t\t<\/td>\n<td bgcolor=\"#FFFFFF\" valign=\"top\">\n\t\t\t\tGazi &Uuml;niversitesi\n\t\t\t<\/td>\n<\/tr>\n<tr>\n<td bgcolor=\"#FFFFFF\" valign=\"top\">\n\t\t\t\tProf. Dr. \u0130smail K\u0131z\u0131l\u0131rmak\n\t\t\t<\/td>\n<td bgcolor=\"#FFFFFF\" valign=\"top\">\n\t\t\t\t\u0130stanbul &Uuml;niversitesi\n\t\t\t<\/td>\n<\/tr>\n<tr>\n<td bgcolor=\"#FFFFFF\" valign=\"top\">\n\t\t\t\tYrd. Do&ccedil;. Dr. Nilg&uuml;n Avc\u0131\n\t\t\t<\/td>\n<td bgcolor=\"#FFFFFF\" valign=\"top\">\n\t\t\t\tEge &Uuml;niversitesi\n\t\t\t<\/td>\n<\/tr>\n<tr>\n<td bgcolor=\"#FFFFFF\" valign=\"top\">\n\t\t\t\tDo&ccedil;. Dr. Ebru G&uuml;nl&uuml;\n\t\t\t<\/td>\n<td bgcolor=\"#FFFFFF\" valign=\"top\">\n\t\t\t\tDokuz Eyl&uuml;l &Uuml;niversitesi\n\t\t\t<\/td>\n<\/tr>\n<tr>\n<td bgcolor=\"#FFFFFF\" valign=\"top\">\n\t\t\t\tDo&ccedil;. Dr. I\u015f\u0131l Altun\n\t\t\t<\/td>\n<td bgcolor=\"#FFFFFF\" valign=\"top\">\n\t\t\t\tKocaeli &Uuml;niversitesi\n\t\t\t<\/td>\n<\/tr>\n<tr>\n<td bgcolor=\"#FFFFFF\" valign=\"top\">\n\t\t\t\tProf. Dr. &Ouml;ner Demirel\n\t\t\t<\/td>\n<td bgcolor=\"#FFFFFF\" valign=\"top\">\n\t\t\t\tKaradeniz Teknhik &Uuml;niversitesi\n\t\t\t<\/td>\n<\/tr>\n<tr>\n<td bgcolor=\"#FFFFFF\" valign=\"top\">\n\t\t\t\tH&uuml;seyin Y\u0131ld\u0131r\u0131m\n\t\t\t<\/td>\n<td bgcolor=\"#FFFFFF\" valign=\"top\">\n\t\t\t\tDetay Yay\u0131nc\u0131l\u0131k\n\t\t\t<\/td>\n<\/tr>\n<tr>\n<td bgcolor=\"#FFFFFF\" valign=\"top\">\n\t\t\t\tYusuf G&uuml;nayd\u0131n\n\t\t\t<\/td>\n<td bgcolor=\"#FFFFFF\" valign=\"top\">\n\t\t\t\tOtel m&uuml;d&uuml;r&uuml;\n\t\t\t<\/td>\n<\/tr>\n<tr>\n<td bgcolor=\"#FFFFFF\" valign=\"top\">\n\t\t\t\tYrd. Do&ccedil;. Dr. Kerem Y\u0131ld\u0131r\u0131m \u015eim\u015fek\n\t\t\t<\/td>\n<td bgcolor=\"#FFFFFF\" valign=\"top\">\n\t\t\t\tAnadolu &Uuml;niversitesi\n\t\t\t<\/td>\n<\/tr>\n<tr>\n<td bgcolor=\"#FFFFFF\" valign=\"top\">\n\t\t\t\tYrd. Do&ccedil;. Dr. Hakan Kat\u0131rc\u0131\n\t\t\t<\/td>\n<td bgcolor=\"#FFFFFF\" valign=\"top\">\n\t\t\t\tAnadolu &Uuml;niversitesi\n\t\t\t<\/td>\n<\/tr>\n<tr>\n<td bgcolor=\"#FFFFFF\" valign=\"top\">\n\t\t\t\tProf. Dr. \u0130lker Y\u0131lmaz\n\t\t\t<\/td>\n<td bgcolor=\"#FFFFFF\" valign=\"top\">\n\t\t\t\tAnadolu &Uuml;niversitesi\n\t\t\t<\/td>\n<\/tr>\n<tr>\n<td bgcolor=\"#FFFFFF\" valign=\"top\">\n\t\t\t\tYrd. Do&ccedil;. Dr. Tennur Yerlisu Lapa\n\t\t\t<\/td>\n<td bgcolor=\"#FFFFFF\" valign=\"top\">\n\t\t\t\tAkdeniz &Uuml;niversitesi\n\t\t\t<\/td>\n<\/tr>\n<tr>\n<td bgcolor=\"#FFFFFF\" valign=\"top\">\n\t\t\t\tYrd. Do&ccedil;. Dr. Sevda &Ccedil;ift&ccedil;i\n\t\t\t<\/td>\n<td bgcolor=\"#FFFFFF\" valign=\"top\">\n\t\t\t\tSakarya &Uuml;niversitesi\n\t\t\t<\/td>\n<\/tr>\n<tr>\n<td bgcolor=\"#FFFFFF\" valign=\"top\">\n\t\t\t\tYrd. Do&ccedil;. Dr. Yavuz Selim A\u011fao\u011flu\n\t\t\t<\/td>\n<td bgcolor=\"#FFFFFF\" valign=\"top\">\n\t\t\t\tGaziosmanpa\u015fa &Uuml;niversitesi\n\t\t\t<\/td>\n<\/tr>\n<tr>\n<td bgcolor=\"#FFFFFF\" valign=\"top\">\n\t\t\t\tAr\u015f. G&ouml;r. Sezgin Ayd\u0131n\n\t\t\t<\/td>\n<td bgcolor=\"#FFFFFF\" valign=\"top\">\n\t\t\t\tDokuz Eyl&uuml;l &Uuml;niversitesi\n\t\t\t<\/td>\n<\/tr>\n<tr>\n<td bgcolor=\"#FFFFFF\" valign=\"top\">\n\t\t\t\tAr\u015f. G&ouml;r. Caner &Ccedil;etinkaya\n\t\t\t<\/td>\n<td bgcolor=\"#FFFFFF\" valign=\"top\">\n\t\t\t\tDokuz Eyl&uuml;l &Uuml;niversitesi\n\t\t\t<\/td>\n<\/tr>\n<tr>\n<td bgcolor=\"#FFFFFF\" valign=\"top\">\n\t\t\t\tAr\u015f. G&ouml;r. Merve Koca\n\t\t\t<\/td>\n<td bgcolor=\"#FFFFFF\" valign=\"top\">\n\t\t\t\tDokuz Eyl&uuml;l &Uuml;niversitesi\n\t\t\t<\/td>\n<\/tr>\n<tr>\n<td bgcolor=\"#FFFFFF\" valign=\"top\">\n\t\t\t\tAr\u015f. G&ouml;r. \u0130pek Ayd\u0131n\n\t\t\t<\/td>\n<td bgcolor=\"#FFFFFF\" valign=\"top\">\n\t\t\t\tDokuz Eyl&uuml;l &Uuml;niversitesi\n\t\t\t<\/td>\n<\/tr>\n<tr>\n<td bgcolor=\"#FFFFFF\" valign=\"top\">\n\t\t\t\tAr\u015f. G&ouml;r. Sercin Kosova\n\t\t\t<\/td>\n<td bgcolor=\"#FFFFFF\" valign=\"top\">\n\t\t\t\tDokuz Eyl&uuml;l &Uuml;niversitesi\n\t\t\t<\/td>\n<\/tr>\n<tr>\n<td bgcolor=\"#FFFFFF\" valign=\"top\">\n\t\t\t\tDo&ccedil;. Dr. Fatih Hazar\n\t\t\t<\/td>\n<td bgcolor=\"#FFFFFF\" valign=\"top\">\n\t\t\t\tDokuz Eyl&uuml;l &Uuml;niversitesi\n\t\t\t<\/td>\n<\/tr>\n<\/tbody>\n<\/table>\n<p>\n\t[\/toggle]<\/p>\n","protected":false},"excerpt":{"rendered":"<p>VI. Akademik Turizm E\u011fitimi Arama Konferans\u0131 Konu Rekreasyon Y&ouml;netimi ve Rekreasyon b&ouml;l&uuml;mlerinin amac\u0131 ne olmal\u0131? Tarih 17 &#8211; 20 Nisan 2014 Yer Turgutreis, Bodrum, Mu\u011fla Otel La Blanche Resort &amp; SPA Hotel,&nbsp;Turgutreis, Bodrum, Mu\u011fla Koordinat&ouml;rler Prof. Dr. Nazmi KOZAK &#8211; <a href=\"https:\/\/anatoliajournal.com\/aramak\/vi-konferans-bodrum-17-22-nisan-2014\/\" class=\"read-more\">Read More &#8230;<\/a><\/p>\n","protected":false},"author":2,"featured_media":0,"parent":0,"menu_order":6,"comment_status":"closed","ping_status":"closed","template":"","meta":[],"_links":{"self":[{"href":"https:\/\/anatoliajournal.com\/aramak\/wp-json\/wp\/v2\/pages\/63"}],"collection":[{"href":"https:\/\/anatoliajournal.com\/aramak\/wp-json\/wp\/v2\/pages"}],"about":[{"href":"https:\/\/anatoliajournal.com\/aramak\/wp-json\/wp\/v2\/types\/page"}],"author":[{"embeddable":true,"href":"https:\/\/anatoliajournal.com\/aramak\/wp-json\/wp\/v2\/users\/2"}],"replies":[{"embeddable":true,"href":"https:\/\/anatoliajournal.com\/aramak\/wp-json\/wp\/v2\/comments?post=63"}],"version-history":[{"count":2,"href":"https:\/\/anatoliajournal.com\/aramak\/wp-json\/wp\/v2\/pages\/63\/revisions"}],"predecessor-version":[{"id":2609,"href":"https:\/\/anatoliajournal.com\/aramak\/wp-json\/wp\/v2\/pages\/63\/revisions\/2609"}],"wp:attachment":[{"href":"https:\/\/anatoliajournal.com\/aramak\/wp-json\/wp\/v2\/media?parent=63"}],"curies":[{"name":"wp","href":"https:\/\/api.w.org\/{rel}","templated":true}]}}